{"id":158,"date":"2021-11-12T10:51:08","date_gmt":"2021-11-12T09:51:08","guid":{"rendered":"https:\/\/etts.cz\/?page_id=158"},"modified":"2021-11-12T10:52:02","modified_gmt":"2021-11-12T09:52:02","slug":"gdpr","status":"publish","type":"page","link":"https:\/\/etts.cz\/de\/gdpr\/","title":{"rendered":"GDPR"},"content":{"rendered":"<h1>Politika ochrany osobn\u00edch \u00fadaj\u016f<\/h1>\n<p>European Train Transport and Service s.r.o. (d\u00e1le jen \u201espole\u010dnost\u201c nebo \u201eEuropean Train Transport and Service s.r.o.\u201c), v\u011bnuje maxim\u00e1ln\u00ed \u00fasil\u00ed ochran\u011b Va\u0161ich osobn\u00edch \u00fadaj\u016f, pokud je zpracov\u00e1v\u00e1. Krom\u011b na\u0159\u00edzen\u00ed (EU) 2016\/679 (d\u00e1le jen \u201eGDPR\u201c nebo \u201eObecn\u00e9 na\u0159\u00edzen\u00ed\u201c) se \u0159\u00edd\u00edme platn\u00fdmi z\u00e1kony \u010cesk\u00e9 republiky, zejm\u00e9na z\u00e1konem 110\/2019 Sb.<\/p>\n<p>Ve\u0161ker\u00e9 osobn\u00ed \u00fadaje, kter\u00e9 shroma\u017e\u010fujeme, zpracov\u00e1v\u00e1me pouze pro od\u016fvodn\u011bn\u00e9 \u00fa\u010dely, po omezenou dobu a s vyu\u017eit\u00edm nejvy\u0161\u0161\u00ed mo\u017en\u00e9 m\u00edry zabezpe\u010den\u00ed.<\/p>\n<p>Pou\u017e\u00edv\u00e1n\u00edm t\u011bchto webov\u00fdch str\u00e1nek souhlas\u00edte s politikou European Train Transport and Service s.r.o.\u00a0p\u0159i pr\u00e1ci s osobn\u00edmi daty. Tato politika m\u016f\u017ee b\u00fdt zm\u011bn\u011bna zve\u0159ejn\u011bn\u00edm jej\u00ed nov\u00e9 verze na t\u00e9to str\u00e1nce.<\/p>\n<p><strong>Spr\u00e1vcem Va\u0161ich osobn\u00edch \u00fadaj\u016f je:<\/strong><\/p>\n<p>European Train Transport and Service s.r.o.<\/p>\n<p>Z\u00e1mostn\u00ed 1155\/27<\/p>\n<p>CZ-710 00 Ostrava-Slezsk\u00e1 Ostrava<\/p>\n<p>Reg.-Nr.: 09415718<\/p>\n<p>Ust-IdNr.: CZ09415718<\/p>\n<p>F.: +420 739 237 535<\/p>\n<p>E-Mail: info@etts.cz<\/p>\n<p>Ochrana osobn\u00edch \u00fadaj\u016f z\u00e1kazn\u00edk\u016f, v\u0161ech partner\u016f a zam\u011bstnanc\u016f spole\u010dnosti, je na\u0161\u00ed prioritou souvislosti s Na\u0159\u00edzen\u00edm Evropsk\u00e9ho parlamentu a Rady (EU) 2016\/679 V\u00e1m n\u00ed\u017ee p\u0159edkl\u00e1d\u00e1me na\u0161e z\u00e1sady zpracov\u00e1n\u00ed osobn\u00edch \u00fadaj\u016f. Budete-li m\u00edt jak\u00fdkoliv dotaz ohledn\u011b zpracov\u00e1n\u00ed Va\u0161ich osobn\u00edch \u00fadaj\u016f, nev\u00e1hejte se na n\u00e1s pros\u00edm obr\u00e1tit prost\u0159ednictv\u00edm webov\u00e9ho formul\u00e1\u0159e na t\u011bchto str\u00e1nk\u00e1ch, p\u0159\u00edpadn\u011b na uveden\u00fdch emailov\u00fdch kontaktech.<\/p>\n<p>N\u00ed\u017ee najdete informace o tom, jak\u00e9 osobn\u00ed \u00fadaje zpracov\u00e1v\u00e1me o na\u0161ich z\u00e1kazn\u00edc\u00edch, n\u00e1v\u0161t\u011bvn\u00edc\u00edch na\u0161eho webu, o pr\u00e1vn\u00edch titulech zpracov\u00e1n\u00ed a o tom, k jak\u00fdm \u00fa\u010del\u016fm je pou\u017e\u00edv\u00e1me, zda se nach\u00e1z\u00edme v roli spr\u00e1vce nebo zpracovatele, zda n\u011bkomu m\u016f\u017eeme \u00fadaje n\u011bkomu p\u0159edat a pou\u010den\u00ed o va\u0161ich pr\u00e1vech spojen\u00fdch se zpracov\u00e1n\u00edm osobn\u00edch \u00fadaj\u016f, v\u010detn\u011b mo\u017enost\u00ed jejich realizace.<\/p>\n<h2>Pro\u010d a na z\u00e1klad\u011b jak\u00e9ho pr\u00e1vn\u00edho titulu zpracov\u00e1v\u00e1me va\u0161e osobn\u00ed \u00fadaje:<\/h2>\n<p>Zpracov\u00e1v\u00e1me osobn\u00ed \u00fadaje na\u0161ich z\u00e1kazn\u00edk\u016f, zam\u011bstnanc\u016f a partner\u016f zpravidla na z\u00e1klad\u011b pln\u011bn\u00ed smlouvy, opr\u00e1vn\u011bn\u00e9ho z\u00e1jmu nebo pln\u011bn\u00ed z\u00e1konem dan\u00e9 povinnosti pokud n\u00e1m tak z\u00e1kon ukl\u00e1d\u00e1 (nap\u0159. z\u00e1kon 89\/2012 Sb., 235\/2004 Sb., 563\/1991 Sb. a dal\u0161\u00ed). V\u00a0roli spr\u00e1vce zpracov\u00e1v\u00e1me jen \u00fadaje, kter\u00e9 pot\u0159ebujeme pro vy\u0159\u00edzen\u00ed va\u0161\u00ed objedn\u00e1vky a dod\u00e1n\u00ed slu\u017eeb v\u00a0p\u0159\u00edpad\u011b, \u017ee jste na\u0161\u00edm z\u00e1kazn\u00edkem (pln\u011bn\u00ed smlouvy), v\u00a0p\u0159\u00edpad\u011b \u017ee jste na\u0161\u00edm zam\u011bstnancem, \u00fadaje nezbytn\u00e9 pro veden\u00ed pracovn\u011bpr\u00e1vn\u00ed agendy (pln\u011bn\u00ed pr\u00e1vn\u00ed povinnosti). Na z\u00e1klad\u011b opr\u00e1vn\u011bn\u00e9ho z\u00e1jmu zpracov\u00e1v\u00e1me nap\u0159. Va\u0161e identifika\u010dn\u00ed a kontaktn\u00ed \u00fadaje a \u00fadaje o objednan\u00fdch slu\u017eb\u00e1ch za \u00fa\u010delem ochrany pr\u00e1vn\u00edch n\u00e1rok\u016f a pro na\u0161\u00ed vnit\u0159n\u00ed evidenci nebo kontrolu. Na\u0161imi opr\u00e1vn\u011bn\u00fdmi z\u00e1jmy jsou zde ochrana pr\u00e1vn\u00edch n\u00e1rok\u016f a kontrola \u0159\u00e1dn\u00e9ho poskytov\u00e1n\u00ed na\u0161ich slu\u017eeb.<\/p>\n<p>Za \u00fa\u010delem ochrany pr\u00e1vn\u00edch n\u00e1rok\u016f, ochrany majetku a na\u0161\u00ed vnit\u0159n\u00ed evidence a kontroly, zpracov\u00e1v\u00e1me va\u0161e \u00fadaje po dobu trv\u00e1n\u00ed proml\u010dec\u00ed lh\u016fty 10 let a jeden rok po jej\u00edm uplynut\u00ed s ohledem na n\u00e1roky uplatn\u011bn\u00e9 na konci proml\u010dec\u00ed doby. V p\u0159\u00edpad\u011b zah\u00e1jen\u00ed soudn\u00edho, spr\u00e1vn\u00edho nebo jin\u00e9ho \u0159\u00edzen\u00ed zpracov\u00e1v\u00e1me Va\u0161e osobn\u00ed \u00fadaje v nezbytn\u00e9m rozsahu po celou dobu trv\u00e1n\u00ed takov\u00fdch \u0159\u00edzen\u00ed a zb\u00fdvaj\u00edc\u00ed \u010d\u00e1st proml\u010dec\u00ed doby po jeho ukon\u010den\u00ed.<\/p>\n<p>D\u00e1le zpracov\u00e1v\u00e1me na z\u00e1klad\u011b na\u0161eho opr\u00e1vn\u011bn\u00e9ho z\u00e1jmu va\u0161e identifika\u010dn\u00ed a kontaktn\u00ed \u00fadaje a \u00fadaje objednan\u00fdch slu\u017eb\u00e1ch za \u00fa\u010delem zas\u00edl\u00e1n\u00ed nab\u00eddek e-mailem; na\u0161\u00edm opr\u00e1vn\u011bn\u00fdm z\u00e1jmem je zde propagace na\u0161ich produkt\u016f a slu\u017eeb. Pro tento \u00fa\u010del osobn\u00ed \u00fadaje pou\u017e\u00edv\u00e1me po dobu 36 m\u011bs\u00edc\u016f od posledn\u00ed objedn\u00e1vky.<\/p>\n<p>V\u00a0p\u0159\u00edpad\u011b \u017ee nav\u0161t\u00edv\u00edte web Spole\u010dnosti, zpracov\u00e1v\u00e1me \u00fadaje o Va\u0161em chov\u00e1n\u00ed na webu na z\u00e1klad\u011b na\u0161eho opr\u00e1vn\u011bn\u00e9ho z\u00e1jmu za \u00fa\u010delem z\u00edsk\u00e1n\u00ed informac\u00ed, na z\u00e1klad\u011b kter\u00fdch pro V\u00e1s budeme moci web v budoucnu vylep\u0161it; na\u0161\u00edm opr\u00e1vn\u011bn\u00fdm z\u00e1jmem je zde zlep\u0161ov\u00e1n\u00ed na\u0161ich slu\u017eeb, vytv\u00e1\u0159en\u00ed statistik a p\u0159ehled\u016f, zejm\u00e9na sledov\u00e1n\u00ed n\u00e1v\u0161t\u011bvnosti na\u0161eho webu, jeho jednotliv\u00fdch str\u00e1nek a m\u011b\u0159en\u00ed \u00fa\u010dinnosti reklamy; na\u0161\u00edm opr\u00e1vn\u011bn\u00fdm z\u00e1jmem je zde m\u011b\u0159en\u00ed efektivity na\u0161eho webu a v\u00fddaj\u016f na reklamu.<\/p>\n<p>\u00dadaje o Va\u0161em chov\u00e1n\u00ed na webu z\u00edsk\u00e1v\u00e1me zejm\u00e9na ale nikoliv v\u00fdlu\u010dn\u011b z\u00a0cookies a pro tyto \u00fa\u010dely osobn\u00ed \u00fadaje pou\u017e\u00edv\u00e1me po dobu 13 m\u011bs\u00edc\u016f.<\/p>\n<p>\u00dadaje, jen\u017e zpracov\u00e1v\u00e1me, mohou b\u00fdt n\u00e1sleduj\u00edc\u00ed a z\u00e1le\u017e\u00ed na povaze na\u0161eho vztahu:<\/p>\n<h2>Jak\u00e9 osobn\u00ed \u00fadaje zpracov\u00e1v\u00e1me:<\/h2>\n<ul>\n<li>identifika\u010dn\u00ed \u00fadaje, kter\u00fdmi se rozum\u00ed zejm\u00e9na jm\u00e9no a p\u0159\u00edjmen\u00ed, I\u010cO a DI\u010c, a va\u0161e funkce v organizaci, pokud zastupujete pr\u00e1vnickou osobu<\/li>\n<li>kontaktn\u00ed \u00fadaje, jimi\u017e se rozum\u00ed osobn\u00ed \u00fadaje, kter\u00e9 n\u00e1m umo\u017e\u0148uj\u00ed kontakt s v\u00e1mi, zejm\u00e9na e-mailov\u00e1 adresa, telefonn\u00ed \u010d\u00edslo, adresa<\/li>\n<li>\u00fadaje o objednan\u00fdch produktech a slu\u017eb\u00e1ch, kter\u00e9 jste si u n\u00e1s vy nebo va\u0161e spole\u010dnost objednali, \u010d\u00edsla bankovn\u00edho \u00fa\u010dtu, p\u0159\u00edpadn\u011b \u00fadaje o vznesen\u00fdch reklamac\u00edch;<\/li>\n<li>\u00fadaje o va\u0161em chov\u00e1n\u00ed na webu, \u00fadaje o za\u0159\u00edzen\u00ed, ze kter\u00e9ho si n\u00e1\u0161 web prohl\u00ed\u017e\u00edte, jako je IP adresa a z n\u00ed odvozen\u00e1 poloha, identifikace za\u0159\u00edzen\u00ed, jeho technick\u00e9 parametry jako opera\u010dn\u00ed syst\u00e9m a jeho verze, rozli\u0161en\u00ed obrazovky, pou\u017eit\u00fd prohl\u00ed\u017ee\u010d a jeho verze a tak\u00e9 \u00fadaje z\u00edskan\u00e9 ze soubor\u016f cookie a podobn\u00fdch technologi\u00ed pro identifikaci za\u0159\u00edzen\u00ed<\/li>\n<li>\u00fadaje, jen\u017e souvis\u00ed s n\u00e1v\u0161t\u011bvou na\u0161\u00ed provozovny p\u0159\u00edpadn\u011b kontaktu se zam\u011bstnanci, kter\u00fdmi jsou zejm\u00e9na telefonn\u00ed hovory, zpr\u00e1vy zaslan\u00e9 p\u0159es email nebo jin\u00e9 technologie, v\u010d. identifik\u00e1tor\u016f, jako nap\u0159. IP adresa<\/li>\n<\/ul>\n<h2>Vyu\u017eit\u00ed cookies<\/h2>\n<p>Tento web vyu\u017e\u00edv\u00e1 pro svou funkci cookies, pokud n\u00e1\u0161 web nav\u0161t\u00edv\u00edte, do Va\u0161eho za\u0159\u00edzen\u00ed ukl\u00e1d\u00e1me a n\u00e1sledn\u011b z n\u011bj \u010dteme mal\u00e9 soubory, kter\u00fdm se \u0159\u00edk\u00e1 cookies. Cookie je soubor p\u00edsmen a \u010d\u00edsel, kter\u00fd m\u016f\u017ee obsahovat osobn\u00ed \u00fadaje a ukl\u00e1d\u00e1me ve Va\u0161em internetov\u00e9m prohl\u00ed\u017ee\u010di nebo na pevn\u00e9m disku Va\u0161eho po\u010d\u00edta\u010de. N\u011bkter\u00e9 cookies jsou nezbytn\u00e9 pro spr\u00e1vn\u00e9 zobrazen\u00ed a funkce webu, jin\u00e9 pro analytiku, m\u011b\u0159en\u00ed n\u00e1v\u0161t\u011bvnosti, c\u00edlen\u00ed reklamy apod.<\/p>\n<p>Pokud vyu\u017eit\u00ed cookies t\u0159et\u00edch stran a p\u0159ed\u00e1n\u00ed va\u0161ich \u00fadaj\u016f reklamn\u00edm a soci\u00e1ln\u00edm s\u00edt\u00edm nevypnete ve sv\u00e9m prohl\u00ed\u017ee\u010di a setrv\u00e1te na na\u0161ich str\u00e1nk\u00e1ch, pova\u017eujeme to za projev va\u0161\u00ed v\u016fle, \u017ee s vyu\u017e\u00edv\u00e1n\u00edm t\u011bchto cookies a p\u0159ed\u00e1v\u00e1n\u00edm va\u0161ich \u00fadaj\u016f reklamn\u00edm a soci\u00e1ln\u00edm s\u00edt\u00edm souhlas\u00edte. Sv\u016fj souhlas m\u016f\u017eete kdykoli odvolat vypnut\u00edm t\u00e9to funkce ve va\u0161em prohl\u00ed\u017ee\u010di.<\/p>\n<h2>Kdo jsou na\u0161i zpracovatel\u00e9 a komu m\u016f\u017eeme va\u0161e \u00fadaje p\u0159ed\u00e1vat<\/h2>\n<p>Spole\u010dnost nep\u0159ed\u00e1v\u00e1, neprod\u00e1v\u00e1, ani jin\u00fdm zp\u016fsobem ne\u0161\u00ed\u0159\u00ed va\u0161e osobn\u00ed \u00fadaje t\u0159et\u00edm stran\u00e1m, leda\u017ee by to vy\u017eadoval pr\u00e1vn\u00ed p\u0159edpis nebo smlouva uzav\u0159en\u00e1 mezi v\u00e1mi a spole\u010dnost\u00ed.<\/p>\n<p>Spole\u010dnost European Train Transport and Service s.r.o.\u00a0m\u016f\u017ee vyu\u017e\u00edvat pro svou \u010dinnost partnery, kter\u00fdm p\u0159ed\u00e1v\u00e1 za p\u0159edpokladu spln\u011bn\u00ed v\u0161ech po\u017eadovan\u00fdch technick\u00fdch a organiza\u010dn\u00edch opat\u0159en\u00ed n\u011bkter\u00e9 osobn\u00ed \u00fadaje, kter\u00e9 sama legitimn\u011b zpracov\u00e1v\u00e1. V\u0161ichni zpracovatel\u00e9 jsou pe\u010dliv\u011b vyb\u00edr\u00e1ni a spl\u0148uj\u00ed ve\u0161ker\u00e9 po\u017eadavky, zejm\u00e9na dle \u010dl. 28 Obecn\u00e9ho na\u0159\u00edzen\u00ed. Na\u0161imi zpracovateli jsou zejm\u00e9na ale nikoliv v\u00fdlu\u010dn\u011b extern\u00ed \u00fa\u010detn\u00ed, marketingov\u00e9 agentury, poskytovatel\u00e9 cloudov\u00fdch slu\u017eeb nebo servisn\u00ed spole\u010dnosti.<\/p>\n<h2>P\u0159ed\u00e1v\u00e1n\u00ed osobn\u00edch \u00fadaj\u016f mimo EHP<\/h2>\n<p>K\u00a0p\u0159ed\u00e1v\u00e1n\u00ed va\u0161ich osobn\u00edch \u00fadaj\u016f mimo EHP Spole\u010dnost\u00ed nedoch\u00e1z\u00ed.<\/p>\n<h2>Doba uchov\u00e1n\u00ed osobn\u00edch \u00fadaj\u016f<\/h2>\n<p>Va\u0161e osobn\u00ed \u00fadaje uchov\u00e1v\u00e1me po dobu, kter\u00e1 odpov\u00edd\u00e1\u00a0povaze zpracov\u00e1n\u00ed, \u00fa\u010delu zpracov\u00e1n\u00ed a jeho pr\u00e1vn\u00edmu titulu. Lh\u016fta pro uchov\u00e1n\u00ed tedy m\u016f\u017ee b\u00fdt odvozena nap\u0159. od trv\u00e1n\u00ed va\u0161\u00ed smlouvy se Spole\u010dnost\u00ed, z\u00e1konn\u00fdch povinnosti, p\u0159\u00edpadn\u011b opr\u00e1vn\u011bn\u00fdmi z\u00e1jmy nebo lh\u016ftou nezbytnou pro ur\u010den\u00ed, v\u00fdkon \u010di obhajobu na\u0161ich pr\u00e1vn\u00edch n\u00e1rok\u016f. V\u00a0ka\u017ed\u00e9m p\u0159\u00edpad\u011b v\u0161ak respektujeme princip omezen\u00ed ulo\u017een\u00ed a va\u0161e data uchov\u00e1v\u00e1me pouze po dobu nezbytn\u011b nutnou pro spln\u011bn\u00ed dan\u00e9ho \u00fa\u010delu.<\/p>\n<h2>Va\u0161e pr\u00e1va spojen\u00e1 se zpracov\u00e1n\u00edm osobn\u00edch \u00fadaj\u016f<\/h2>\n<p>Respektujeme va\u0161e pr\u00e1va jako pr\u00e1va subjektu \u00fadaj\u016f a zavazujeme se v\u00e1m umo\u017enit jejich realizaci.<\/p>\n<ol>\n<li>Pr\u00e1vo na p\u0159\u00edstup \u2013 m\u00e1te pr\u00e1vo b\u00fdt informov\u00e1ni o tom, jak\u00e9 \u00fadaje o v\u00e1s zpracov\u00e1v\u00e1me. To se odv\u00edj\u00ed od toho, v\u00a0jak\u00e9m jsme spolu vztahu, v\u00edce informac\u00ed najdete v \u00favodn\u00ed \u010d\u00e1sti t\u00e9to Privacy notice, pokud si nebudete jisti nebo budete po\u017eadovat kopii sv\u00fdch osobn\u00edch \u00fadaj\u016f, ozv\u011bte se n\u00e1m prost\u0159ednictv\u00edm webov\u00e9ho formul\u00e1\u0159e nebo e-mailem.<\/li>\n<li>Pr\u00e1vo na opravu \u2013 zaznamen\u00e1te-li, \u017ee informace, jen\u017e zpracov\u00e1v\u00e1me, jsou ne\u00fapln\u00e9 nebo nep\u0159esn\u00e9, napi\u0161te n\u00e1m pros\u00edm a my je oprav\u00edme.<\/li>\n<li>Pr\u00e1vo na v\u00fdmaz \u2013 pr\u00e1vo na v\u00fdmaz sv\u00fdch osobn\u00edch \u00fadaj\u016f u spole\u010dnosti m\u00e1te v\u00a0n\u011bkter\u00fdch specifick\u00fdch p\u0159\u00edpadech a zejm\u00e9na se m\u016f\u017ee jednat o n\u00e1sleduj\u00edc\u00ed situace:\n<ol>\n<li>Odvolali jste souhlas se zpracov\u00e1n\u00edm<\/li>\n<li>Va\u0161e \u00fadaje ji\u017e nepot\u0159ebujeme pro \u00fa\u010del, pro n\u011bj\u017e byly shrom\u00e1\u017ed\u011bny<\/li>\n<li>V\u00a0p\u0159\u00edpad\u011b vyu\u017eit\u00ed n\u00e1mitky proti zpracov\u00e1n\u00ed na z\u00e1klad\u011b opr\u00e1vn\u011bn\u00e9ho z\u00e1jmu a Spole\u010dnost z\u00e1rove\u0148 shled\u00e1 va\u0161e z\u00e1jmy p\u0159eva\u017euj\u00edc\u00edmi v\u00a0balan\u010dn\u00edm testu<\/li>\n<\/ol>\n<\/li>\n<\/ol>\n<p>Pokud je alespo\u0148 jeden z\u00a0v\u00fd\u0161e uveden\u00fdch d\u016fvod\u016f aplikovateln\u00fd a osobn\u00ed \u00fadaje nejsou nezbytn\u00e9 pro jin\u00e1 zpracov\u00e1n\u00ed, r\u00e1di v\u00e1m vyhov\u00edme, pakli\u017ee se na n\u00e1s se svou \u017e\u00e1dost\u00ed obr\u00e1t\u00edte.<\/p>\n<ol>\n<li>Pr\u00e1vo a omezen\u00ed zpracov\u00e1n\u00ed \u2013 za p\u0159edpokladu spln\u011bn\u00ed dan\u00fdch podm\u00ednek m\u00e1te pr\u00e1vo na to, abychom va\u0161e \u00fadaje po omezenou dobu nezpracov\u00e1vali, zejm\u00e9na se m\u016f\u017ee jednat o situace, kdy nen\u00ed jasn\u011b stanoven pr\u00e1vn\u00ed titul; \u00fadaje jsou nep\u0159esn\u00e9; \u00fadaje nepot\u0159ebujeme pro dan\u00e9 zpracov\u00e1n\u00ed, ale vy je po\u017eadujete pro obhajobu, v\u00fdkon nebo ur\u010den\u00ed sv\u00fdch pr\u00e1vn\u00edch n\u00e1rok\u016f; p\u0159\u00edpadn\u011b pokud vznesete n\u00e1mitku proti zpracov\u00e1n\u00ed a ta nen\u00ed doposud vypo\u0159\u00e1d\u00e1na.<\/li>\n<li>Pr\u00e1vo na p\u0159enositelnost \u2013 za podm\u00ednek dan\u00fdch Obecn\u00fdm na\u0159\u00edzen\u00edm (zejm\u00e9na pr\u00e1vn\u00ed titul zpracov\u00e1n\u00ed) m\u00e1te pr\u00e1vo z\u00edskat sv\u00e9 osobn\u00ed \u00fadaje ve strukturovan\u00e9m, strojov\u011b \u010diteln\u00e9m a b\u011b\u017en\u011b pou\u017e\u00edvan\u00e9m form\u00e1tu.<\/li>\n<li>Pr\u00e1vo vzn\u00e9st n\u00e1mitku proti zpracov\u00e1n\u00ed \u2013 m\u00e1te pr\u00e1vo vzn\u00e9st n\u00e1mitku proti zpracov\u00e1n\u00ed osobn\u00edch \u00fadaj\u016f, k n\u011bmu\u017e doch\u00e1z\u00ed na z\u00e1klad\u011b na\u0161eho opr\u00e1vn\u011bn\u00e9ho z\u00e1jmu a u\u010din\u00edme tak, pokud nebudeme m\u00edt z\u00e1va\u017en\u00e9 opr\u00e1vn\u011bn\u00e9 d\u016fvody pro to, abychom v takov\u00e9m zpracov\u00e1n\u00ed pokra\u010dovali.<\/li>\n<li>Pr\u00e1vo podat st\u00ed\u017enost u dozorov\u00e9ho org\u00e1nu \u2013 uplatn\u011bn\u00edm v\u00fd\u0161e uveden\u00fdch pr\u00e1v nen\u00ed nijak dot\u010deno va\u0161e pr\u00e1vo podat st\u00ed\u017enost u p\u0159\u00edslu\u0161n\u00e9ho dozorov\u00e9ho \u00fa\u0159adu. Toto pr\u00e1vo m\u016f\u017eete uplatnit zejm\u00e9na v p\u0159\u00edpad\u011b, \u017ee se domn\u00edv\u00e1te, \u017ee va\u0161e osobn\u00ed \u00fadaje zpracov\u00e1v\u00e1me neopr\u00e1vn\u011bn\u011b nebo v rozporu s obecn\u011b z\u00e1vazn\u00fdmi pr\u00e1vn\u00edmi p\u0159edpisy. St\u00ed\u017enost proti n\u00e1mi prov\u00e1d\u011bn\u00e9mu zpracov\u00e1n\u00ed osobn\u00edch \u00fadaj\u016f m\u016f\u017eete podat u \u00da\u0159adu pro ochranu osobn\u00edch \u00fadaj\u016f, kter\u00fd s\u00eddl\u00ed na adrese Pplk. Sochora 27, 170 00 Praha 7.<\/li>\n<\/ol>\n<p>Ve v\u0161ech p\u0159\u00edpadech souvisej\u00edc\u00edch se zpracov\u00e1n\u00edm va\u0161ich osobn\u00edch \u00fadaj\u016f, a\u0165 ji\u017e jde o dotaz, uplatn\u011bn\u00ed pr\u00e1va, pod\u00e1n\u00ed st\u00ed\u017enosti \u010di jinou z\u00e1le\u017eitost, se na n\u00e1s m\u016f\u017eete obr\u00e1tit prost\u0159ednictv\u00edm webov\u00e9ho formul\u00e1\u0159e nebo p\u0159es email na uveden\u00fdch kontaktech.<\/p>\n<p>Va\u0161i \u017e\u00e1dost vy\u0159\u00edd\u00edme bez zbyte\u010dn\u00e9ho odkladu a nejpozd\u011bji do 30 dn\u00ed od p\u0159ijet\u00ed. V od\u016fvodn\u011bn\u00fdch p\u0159\u00edpadech jsme opr\u00e1vn\u011bni tuto lh\u016ftu prodlou\u017eit o 60 dn\u00ed, v takov\u00e9m p\u0159\u00edpad\u011b v\u00e1s o prodlou\u017een\u00ed a jeho zd\u016fvodn\u011bn\u00ed samoz\u0159ejm\u011b budeme informovat p\u0159edem.<\/p>\n<p><strong>Automatizovan\u00e9 zpracov\u00e1n\u00ed osobn\u00edch \u00fadaj\u016f, v\u010detn\u011b profilov\u00e1n\u00ed<\/strong><\/p>\n<p>Ve spole\u010dnosti European Train Transport and Service s.r.o.nedoch\u00e1z\u00ed k profilov\u00e1n\u00ed ani automatizovan\u00e9mu zpracov\u00e1n\u00ed nebo rozhodov\u00e1n\u00ed dle odst. 4) \u010dl. 4 Obecn\u00e9ho na\u0159\u00edzen\u00ed.<\/p>\n","protected":false},"excerpt":{"rendered":"<p>Politika ochrany osobn\u00edch \u00fadaj\u016f European Train Transport and Service s.r.o. (d\u00e1le jen \u201espole\u010dnost\u201c nebo \u201eEuropean Train Transport and Service s.r.o.\u201c), v\u011bnuje maxim\u00e1ln\u00ed \u00fasil\u00ed ochran\u011b Va\u0161ich osobn\u00edch \u00fadaj\u016f, pokud je zpracov\u00e1v\u00e1. Krom\u011b na\u0159\u00edzen\u00ed (EU) 2016\/679 (d\u00e1le jen \u201eGDPR\u201c nebo \u201eObecn\u00e9 na\u0159\u00edzen\u00ed\u201c) se \u0159\u00edd\u00edme platn\u00fdmi z\u00e1kony \u010cesk\u00e9 republiky, zejm\u00e9na z\u00e1konem 110\/2019 Sb. Ve\u0161ker\u00e9 osobn\u00ed \u00fadaje, kter\u00e9 shroma\u017e\u010fujeme, [&hellip;]<\/p>\n","protected":false},"author":1,"featured_media":0,"parent":0,"menu_order":0,"comment_status":"closed","ping_status":"closed","template":"","meta":{"footnotes":""},"class_list":["post-158","page","type-page","status-publish","hentry"],"_links":{"self":[{"href":"https:\/\/etts.cz\/de\/wp-json\/wp\/v2\/pages\/158","targetHints":{"allow":["GET"]}}],"collection":[{"href":"https:\/\/etts.cz\/de\/wp-json\/wp\/v2\/pages"}],"about":[{"href":"https:\/\/etts.cz\/de\/wp-json\/wp\/v2\/types\/page"}],"author":[{"embeddable":true,"href":"https:\/\/etts.cz\/de\/wp-json\/wp\/v2\/users\/1"}],"replies":[{"embeddable":true,"href":"https:\/\/etts.cz\/de\/wp-json\/wp\/v2\/comments?post=158"}],"version-history":[{"count":2,"href":"https:\/\/etts.cz\/de\/wp-json\/wp\/v2\/pages\/158\/revisions"}],"predecessor-version":[{"id":160,"href":"https:\/\/etts.cz\/de\/wp-json\/wp\/v2\/pages\/158\/revisions\/160"}],"wp:attachment":[{"href":"https:\/\/etts.cz\/de\/wp-json\/wp\/v2\/media?parent=158"}],"curies":[{"name":"wp","href":"https:\/\/api.w.org\/{rel}","templated":true}]}}